{"id":430,"date":"2025-01-24T06:57:36","date_gmt":"2025-01-24T06:57:36","guid":{"rendered":"https:\/\/sendreniverde.ro\/?page_id=430"},"modified":"2025-03-25T15:19:37","modified_gmt":"2025-03-25T15:19:37","slug":"tema-2-poluarea-apelor","status":"publish","type":"page","link":"https:\/\/sendreniverde.ro\/index.php\/tema-2-poluarea-apelor\/","title":{"rendered":"Tema 2 &#8211; Poluarea apelor"},"content":{"rendered":"\n<p><strong>Tema 2 &#8211; 18.10.2024<\/strong> \u2013 a fost realizat\u0103 tema <strong>Poluarea Apelor <\/strong>ce const\u0103 \u00een organizarea unei activit\u0103\u021bi de cur\u0103\u021benie pentru igienizarea albiei r\u00e2ului B\u00e2rl\u0103del din comuna Independen\u021ba \u0219i Lacul Lozovei din Brani\u0219tea, Jude\u021bul Gala\u021bi, cu participarea a 100 de copii \u0219i tineri de 6-18 ani. Materialele care au fost distribuite copiilor au constat \u00een p\u0103tur\u0103, rucsac, termos \u0219i materiale informative.<\/p>\n\n\n\n<p>\ud83d\udca6PROBLEMA POLU\u0102RII APELOR ABORDAT\u0102 CU SUCCES DE PESTE 100 DE COPIII DIN BRANI\u0218TEA \u0218I INDEPENDEN\u021aA!<\/p>\n\n\n\n<p>\ud83d\udeb0\u00cen data de 18 \u0219i 21 octombrie, peste 100 de copii, cadre didactice dar \u0219i echipa de proiect, au organizat o ampl\u0103 ac\u021biune de ecologizare a albiilor apelor din localitate. Elevii de la \u0218coala gimnazial\u0103 nr. 1, Independen\u021ba, Gala\u021bi \u0219i Scoala Gimnaziala &#8221; Unirea&#8221; Branistea au dat dovad\u0103 de responsabilitate civic\u0103.<\/p>\n\n\n\n<p>Lacul Lozova din Brani\u0219tea \u0219i Rigolele care duc la r\u00e2ul B\u00e2rl\u0103del au fost asaltate \u0219i cur\u0103\u021bate de copiii harnici \u0219i dornici s\u0103 \u00eenfrumuse\u021beze comunele lor. \ud83d\udc9a<\/p>\n\n\n\n<p>\ud83d\udeafZeci de saci de gunoi au fost colecta\u021bi \u00een urma ecologiz\u0103rii iar copiii au \u021binut s\u0103 ne spun\u0103 urm\u0103toarele<\/p>\n\n\n\n<p>\ud83d\udeaeAu \u00eenv\u0103\u021bat c\u00e2t de important este s\u0103 depozitezi gunoiul \u00een zone special amenajate, mai ales c\u0103 au \u00een\u021beles c\u00e2t de mult efort se depune pentru a cur\u0103\u021ba zona de de\u0219euri.<\/p>\n\n\n\n<p>\ud83d\udeaeAu \u00eenv\u0103\u021bat c\u0103 este necesar s\u0103 ne protej\u0103m natura \u0219i s\u0103 nu poluam cu de\u0219euri deoarece acestea sunt d\u0103un\u0103toare \u0219i popula\u021biei.<\/p>\n\n\n\n<p>\ud83d\udeaeAu \u00eenv\u0103\u021bat c\u0103 o comunitate curat\u0103 \u0219i f\u0103r\u0103 de\u0219euri poate fi un exemplu \u0219i pentru ale comunit\u0103\u021bi.<\/p>\n\n\n\n<p>\ud83d\udeaeAu \u00eenv\u0103\u021bat c\u0103 orice r\u0103u provocat naturii se va \u00eentoarce \u00eempotriva noastr\u0103.<\/p>\n\n\n\n<p>&#8211;&#8211;&#8211;&#8211;&#8211;&#8211;&#8211;&#8211;&#8211;&#8211;&#8211;&#8211;&#8211;&#8211;&#8211;&#8211;&#8211;&#8211;&#8211;&#8211;&#8211;&#8211;&#8211;&#8211;&#8211;<\/p>\n\n\n\n<p>Proiectul &#8222;Organizarea \u0219i derularea campaniilor de con\u0219tientizare a publicului privind protec\u021bia mediului \u00een parteneriat cu UAT Comuna \u0218endreni&#8221; este finan\u021bat prin Administratia Fondului pentru Mediu, cod proiect: 484\/H\/15.05.2024<\/p>\n\n\n\n<p>#GAL #LJS #ProtejareaMediului #ProtejatiNatura #ComunitateFar\u0103De\u0219euri \ud83d\udc9a<\/p>\n\n\n\n<p>Activit\u0103\u021bi realizate de echipa de proiect<strong>:<\/strong><\/p>\n\n\n\n<p><strong>\u2022&nbsp; Elaborarea planului detaliat:<\/strong> A fost \u00eentocmit un plan detaliat care a inclus toate activit\u0103\u021bile programate pe parcursul zilei, asigur\u00e2ndu-se c\u0103 fiecare moment este bine structurat.<\/p>\n\n\n\n<p><strong>\u2022&nbsp; Asigurarea serviciilor de mas\u0103:<\/strong> Un aspect esen\u021bial al organiz\u0103rii a fost verificarea \u0219i confirmarea c\u0103 serviciile de mas\u0103 erau corespunz\u0103toare. Managerul a avut grij\u0103 ca mesele s\u0103 fie adecvate \u0219i s\u0103 ajung\u0103 la copii la timp, asigur\u00e2ndu-se c\u0103 ace\u0219tia beneficiaz\u0103 de o alimenta\u021bie s\u0103n\u0103toas\u0103 pe parcursul zilei. Acest lucru a fost important nu doar pentru confortul participan\u021bilor, ci \u0219i pentru men\u021binerea energiei \u0219i st\u0103rii de bine.<\/p>\n\n\n\n<p><strong>\u2022&nbsp; Colaborarea cu \u0219colile:<\/strong> Toate \u0219colile partenere au fost de acord s\u0103 participe la activitate, ceea ce a asigurat implicarea elevilor \u00een proiect. Fiecare grup de copii a avut un \u00eendrum\u0103tor din partea \u0219colii, doamna Plesa Emilia din cadrul \u0218colii Unirea Brani\u0219tea, dar \u0219i doamna Mih\u0103ilescu Mihaela din partea \u0218colii Independen\u021ba, facilit\u00e2nd astfel comunicarea \u0219i coordonarea pe parcursul excursiei. Aceast\u0103 colaborare str\u00e2ns\u0103 a fost esen\u021bial\u0103 pentru succesul evenimentului, cre\u00e2nd un mediu sigur \u0219i bine organizat pentru copii.<\/p>\n\n\n\n<p><strong>\u2022&nbsp; Sesiuni de promovare:<\/strong> Activit\u0103\u021bile au inclus sesiuni de promovare care au avut ca scop s\u0103 ajute copiii s\u0103 \u00een\u021beleag\u0103 problema polu\u0103rii apei. Aceste sesiuni au fost concepute s\u0103 fie interactive \u0219i educative, stimul\u00e2nd discu\u021bii \u00eentre copii despre impactul polu\u0103rii asupra mediului \u0219i despre m\u0103surile pe care le pot lua pentru a proteja resursele de ap\u0103. Scopul acestora a fost s\u0103-i \u00eenve\u021be pe copii s\u0103 devin\u0103 con\u0219tien\u021bi de problemele de mediu \u0219i s\u0103-i inspire s\u0103 devin\u0103 sus\u021bin\u0103tori activi ai conserv\u0103rii resurselor naturale.<\/p>\n\n\n\n<p><strong>\u2022&nbsp; Achizi\u021bionarea echipamentelor:<\/strong> Toate echipamentele necesare pentru str\u00e2ngerea gunoaielor au fost cump\u0103rate, asigur\u00e2ndu-se c\u0103 nu lipse\u0219te nimic pentru desf\u0103\u0219urarea activit\u0103\u021bilor de cur\u0103\u021benie. Aceasta a inclus saci de gunoi, m\u0103nu\u0219i \u0219i alte unelte necesare, permi\u021b\u00e2nd astfel copiilor s\u0103 participe activ la ac\u021biunile de cur\u0103\u021bare a mediului. Prin implicarea \u00een aceste activit\u0103\u021bi, copiii nu doar c\u0103 au avut ocazia s\u0103 contribuie la protejarea naturii, dar au \u00eenv\u0103\u021bat \u0219i despre responsabilitatea individual\u0103 \u00een p\u0103strarea unui mediu curat.<\/p>\n\n\n\n<p><strong>Rezultate<\/strong><\/p>\n\n\n\n<ul class=\"wp-block-list\">\n<li>100 copii implica\u021bi \u00een activit\u0103\u021bi<\/li>\n\n\n\n<li>100 diplome oferite copiilor<\/li>\n\n\n\n<li>100 echipamente distribuite copiilor implica\u021bi<\/li>\n\n\n\n<li>zeci de saci de gunoi colecta\u021bi \u00een urma ecologiz\u0103rii<\/li>\n\n\n\n<li>100 pachete distribuite cu m\u00e2ncare<\/li>\n\n\n\n<li>2 \u0219coli implicate \u00een proiect<\/li>\n\n\n\n<li>1 prezentare problem\u0103 de mediu<\/li>\n<\/ul>\n\n\n\n<p><strong>Impactul activit\u0103\u021bii &#8222;Poluarea Apelor&#8221;<\/strong><\/p>\n\n\n\n<p>Activitatea dedicat\u0103 temei &#8222;Poluarea Apelor&#8221; a avut un impact semnificativ asupra participan\u021bilor \u0219i comunit\u0103\u021bii locale. Organizat\u0103 pentru igienizarea albiei r\u00e2ului B\u00e2rl\u0103del din comuna Independen\u021ba \u0219i a Lacului Lozovei din Brani\u0219tea, Jude\u021bul Gala\u021bi, aceasta a implicat 100 de copii \u0219i tineri cu v\u00e2rste cuprinse \u00eentre 6 \u0219i 18 ani.<\/p>\n\n\n\n<p><strong>Impact asupra participan\u021bilor:<\/strong><\/p>\n\n\n\n<ol start=\"1\" class=\"wp-block-list\">\n<li><strong>Con\u0219tientizare ecologic\u0103:<\/strong> Copiii \u0219i tinerii au \u00een\u021beles importan\u021ba protej\u0103rii resurselor de ap\u0103 \u0219i au devenit mai con\u0219tien\u021bi de efectele negative ale polu\u0103rii asupra mediului.<\/li>\n\n\n\n<li><strong>Dezvoltarea responsabilit\u0103\u021bii civice:<\/strong> Activitatea le-a oferit participan\u021bilor ocazia de a contribui activ la protejarea mediului \u00eenconjur\u0103tor, dezvolt\u00e2ndu-le sentimentul de responsabilitate fa\u021b\u0103 de comunitate.<\/li>\n\n\n\n<li><strong>\u00cembun\u0103t\u0103\u021birea abilit\u0103\u021bilor practice:<\/strong> Participan\u021bii au \u00eenv\u0103\u021bat metode eficiente de colectare \u0219i gestionare a de\u0219eurilor, contribuind la dezvoltarea unor competen\u021be utile \u00een via\u021ba de zi cu zi.<\/li>\n<\/ol>\n\n\n\n<p><strong>Impact asupra comunit\u0103\u021bii:<\/strong><\/p>\n\n\n\n<ol start=\"1\" class=\"wp-block-list\">\n<li><strong>\u00cembun\u0103t\u0103\u021birea calit\u0103\u021bii mediului:<\/strong> Activitatea a avut un efect direct asupra mediului local, contribuind la cur\u0103\u021barea \u0219i igienizarea unor zone afectate de poluare.<\/li>\n\n\n\n<li><strong>Exemplu pentru al\u021bi membri ai comunit\u0103\u021bii:<\/strong> Implicarea unui num\u0103r mare de copii \u0219i tineri a fost un exemplu pozitiv pentru ceilal\u021bi locuitori, inspir\u00e2ndu-i s\u0103 se implice \u00een ac\u021biuni similare.<\/li>\n\n\n\n<li><strong>Promovarea valorilor ecologice:<\/strong> Distribuirea materialelor informative a ajutat la r\u0103sp\u00e2ndirea mesajului despre importan\u021ba protej\u0103rii apelor \u0219i a mediului \u00eenconjur\u0103tor.<\/li>\n<\/ol>\n\n\n\n<p class=\"has-text-align-center\"><strong><em>Fotografiile au fost realizate profesional de c\u0103tre societatea LORDALEXA SRL.<\/em><\/strong><\/p>\n\n\n\n<p><strong><em>Galerie foto: <\/em><\/strong><\/p>\n\n\n\n<figure class=\"wp-block-gallery has-nested-images columns-default is-cropped wp-block-gallery-1 is-layout-flex wp-block-gallery-is-layout-flex\">\n<figure class=\"wp-block-image size-large\"><img fetchpriority=\"high\" decoding=\"async\" width=\"1024\" height=\"685\" data-id=\"435\" src=\"https:\/\/sendreniverde.ro\/wp-content\/uploads\/2025\/01\/Picture2-1024x685.jpg\" alt=\"\" class=\"wp-image-435\" srcset=\"https:\/\/sendreniverde.ro\/wp-content\/uploads\/2025\/01\/Picture2-1024x685.jpg 1024w, https:\/\/sendreniverde.ro\/wp-content\/uploads\/2025\/01\/Picture2-300x201.jpg 300w, https:\/\/sendreniverde.ro\/wp-content\/uploads\/2025\/01\/Picture2-768x513.jpg 768w, https:\/\/sendreniverde.ro\/wp-content\/uploads\/2025\/01\/Picture2.jpg 1430w\" sizes=\"(max-width: 1024px) 100vw, 1024px\" \/><\/figure>\n\n\n\n<figure class=\"wp-block-image size-large\"><img decoding=\"async\" width=\"936\" height=\"702\" data-id=\"433\" src=\"https:\/\/sendreniverde.ro\/wp-content\/uploads\/2025\/01\/Picture3.jpg\" alt=\"\" class=\"wp-image-433\" srcset=\"https:\/\/sendreniverde.ro\/wp-content\/uploads\/2025\/01\/Picture3.jpg 936w, https:\/\/sendreniverde.ro\/wp-content\/uploads\/2025\/01\/Picture3-300x225.jpg 300w, https:\/\/sendreniverde.ro\/wp-content\/uploads\/2025\/01\/Picture3-768x576.jpg 768w\" sizes=\"(max-width: 936px) 100vw, 936px\" \/><\/figure>\n\n\n\n<figure class=\"wp-block-image size-large\"><img decoding=\"async\" width=\"1024\" height=\"685\" data-id=\"437\" src=\"https:\/\/sendreniverde.ro\/wp-content\/uploads\/2025\/01\/Picture4-1024x685.jpg\" alt=\"\" class=\"wp-image-437\" srcset=\"https:\/\/sendreniverde.ro\/wp-content\/uploads\/2025\/01\/Picture4-1024x685.jpg 1024w, https:\/\/sendreniverde.ro\/wp-content\/uploads\/2025\/01\/Picture4-300x201.jpg 300w, https:\/\/sendreniverde.ro\/wp-content\/uploads\/2025\/01\/Picture4-768x513.jpg 768w, https:\/\/sendreniverde.ro\/wp-content\/uploads\/2025\/01\/Picture4.jpg 1430w\" sizes=\"(max-width: 1024px) 100vw, 1024px\" \/><\/figure>\n\n\n\n<figure class=\"wp-block-image size-large\"><img loading=\"lazy\" decoding=\"async\" width=\"936\" height=\"702\" data-id=\"434\" src=\"https:\/\/sendreniverde.ro\/wp-content\/uploads\/2025\/01\/Picture5.jpg\" alt=\"\" class=\"wp-image-434\" srcset=\"https:\/\/sendreniverde.ro\/wp-content\/uploads\/2025\/01\/Picture5.jpg 936w, https:\/\/sendreniverde.ro\/wp-content\/uploads\/2025\/01\/Picture5-300x225.jpg 300w, https:\/\/sendreniverde.ro\/wp-content\/uploads\/2025\/01\/Picture5-768x576.jpg 768w\" sizes=\"(max-width: 936px) 100vw, 936px\" \/><\/figure>\n\n\n\n<figure class=\"wp-block-image size-large\"><img loading=\"lazy\" decoding=\"async\" width=\"1024\" height=\"772\" data-id=\"436\" src=\"https:\/\/sendreniverde.ro\/wp-content\/uploads\/2025\/01\/Picture6-1024x772.jpg\" alt=\"\" class=\"wp-image-436\" srcset=\"https:\/\/sendreniverde.ro\/wp-content\/uploads\/2025\/01\/Picture6-1024x772.jpg 1024w, https:\/\/sendreniverde.ro\/wp-content\/uploads\/2025\/01\/Picture6-300x226.jpg 300w, https:\/\/sendreniverde.ro\/wp-content\/uploads\/2025\/01\/Picture6-768x579.jpg 768w, https:\/\/sendreniverde.ro\/wp-content\/uploads\/2025\/01\/Picture6.jpg 1430w\" sizes=\"(max-width: 1024px) 100vw, 1024px\" \/><\/figure>\n\n\n\n<figure class=\"wp-block-image size-large\"><img loading=\"lazy\" decoding=\"async\" width=\"1024\" height=\"685\" data-id=\"438\" src=\"https:\/\/sendreniverde.ro\/wp-content\/uploads\/2025\/01\/Picture7-1024x685.jpg\" alt=\"\" class=\"wp-image-438\" srcset=\"https:\/\/sendreniverde.ro\/wp-content\/uploads\/2025\/01\/Picture7-1024x685.jpg 1024w, https:\/\/sendreniverde.ro\/wp-content\/uploads\/2025\/01\/Picture7-300x201.jpg 300w, https:\/\/sendreniverde.ro\/wp-content\/uploads\/2025\/01\/Picture7-768x513.jpg 768w, https:\/\/sendreniverde.ro\/wp-content\/uploads\/2025\/01\/Picture7.jpg 1430w\" sizes=\"(max-width: 1024px) 100vw, 1024px\" \/><\/figure>\n<\/figure>\n","protected":false},"excerpt":{"rendered":"<p>Tema 2 &#8211; 18.10.2024 \u2013 a fost realizat\u0103 tema Poluarea Apelor ce const\u0103 \u00een organizarea unei activit\u0103\u021bi de cur\u0103\u021benie pentru igienizarea albiei r\u00e2ului B\u00e2rl\u0103del din comuna Independen\u021ba \u0219i Lacul Lozovei din Brani\u0219tea, Jude\u021bul Gala\u021bi, cu participarea a 100 de copii \u0219i tineri de 6-18 ani. Materialele care au fost distribuite copiilor au constat \u00een p\u0103tur\u0103, [&hellip;]<\/p>\n","protected":false},"author":1,"featured_media":0,"parent":0,"menu_order":0,"comment_status":"closed","ping_status":"closed","template":"","meta":{"footnotes":""},"class_list":["post-430","page","type-page","status-publish","hentry"],"_links":{"self":[{"href":"https:\/\/sendreniverde.ro\/index.php\/wp-json\/wp\/v2\/pages\/430","targetHints":{"allow":["GET"]}}],"collection":[{"href":"https:\/\/sendreniverde.ro\/index.php\/wp-json\/wp\/v2\/pages"}],"about":[{"href":"https:\/\/sendreniverde.ro\/index.php\/wp-json\/wp\/v2\/types\/page"}],"author":[{"embeddable":true,"href":"https:\/\/sendreniverde.ro\/index.php\/wp-json\/wp\/v2\/users\/1"}],"replies":[{"embeddable":true,"href":"https:\/\/sendreniverde.ro\/index.php\/wp-json\/wp\/v2\/comments?post=430"}],"version-history":[{"count":3,"href":"https:\/\/sendreniverde.ro\/index.php\/wp-json\/wp\/v2\/pages\/430\/revisions"}],"predecessor-version":[{"id":569,"href":"https:\/\/sendreniverde.ro\/index.php\/wp-json\/wp\/v2\/pages\/430\/revisions\/569"}],"wp:attachment":[{"href":"https:\/\/sendreniverde.ro\/index.php\/wp-json\/wp\/v2\/media?parent=430"}],"curies":[{"name":"wp","href":"https:\/\/api.w.org\/{rel}","templated":true}]}}