{"id":459,"date":"2025-01-24T07:11:46","date_gmt":"2025-01-24T07:11:46","guid":{"rendered":"https:\/\/sendreniverde.ro\/?page_id=459"},"modified":"2025-03-25T15:20:55","modified_gmt":"2025-03-25T15:20:55","slug":"tema-7-ariile-naturale-protejate","status":"publish","type":"page","link":"https:\/\/sendreniverde.ro\/index.php\/tema-7-ariile-naturale-protejate\/","title":{"rendered":"Tema 7 &#8211; Ariile naturale protejate"},"content":{"rendered":"\n<p><strong>Tema 7-<\/strong> Pe data de <strong>19.10.2024,<\/strong> a avut loc o activitate dedicat\u0103 temei <strong>\u201eProtec\u021bia ariilor naturale protejate\u201d,<\/strong> care a inclus organizarea unei excursii \u00eentr-o loca\u021bie selectat\u0103 din Lista rezerva\u021biilor naturale din Rom\u00e2nia, mai precis la Soveja. Aceast\u0103 ini\u021biativ\u0103 a implicat participarea a 25 de copii, av\u00e2nd ca scop educarea tinerilor cu privire la importan\u021ba conserv\u0103rii mediului \u0219i a ariilor naturale.<\/p>\n\n\n\n<p><img decoding=\"async\" width=\"12\" height=\"12\" src=\"\" alt=\"\ud83c\udf32\">PROTEC\u021aIA ARIILOR NATURALE PROTEJATE &#8211; EXCURSIE LA SOVEJA!<\/p>\n\n\n\n<p><img decoding=\"async\" width=\"12\" height=\"12\" src=\"\" alt=\"\ud83c\udfd4\ufe0f\">Elevii de la <a href=\"https:\/\/www.facebook.com\/Scoala1indep?__cft__%5b0%5d=AZVOtSsWPB7S8YJD3LFKHrzgl0r1z3-6KLVI_o1VXnodhQ54LNWhhgj-32ZsV3V0RpFQnOr83yO98aCtL8c0a5tcbCtPZh0L2O3rxcteB-RRihagmqLEE8Sr1TXPs3v_N4b0v3ccONGxwqEhcLvoTZj3bg5r0Lbx2WD_SCY0GSLxyW0IqrEU2SelnL1kkKZaQ7vAnkeNC4BRCISVzN50mfYG&amp;__tn__=-%5dK-R\"><strong>\u0218coala gimnazial\u0103 nr. 1, Independen\u021ba, Gala\u021bi<\/strong><\/a> au aflat, \u00een cadrul unei excursii organizate, importan\u021ba ariilor protejate, restric\u021biile la folosirea resurselor din acea zon\u0103 \u0219i c\u00e2t de important este s\u0103 nu depozit\u0103m de\u0219euri \u00een aceste zone.<\/p>\n\n\n\n<p><img decoding=\"async\" width=\"12\" height=\"12\" src=\"\" alt=\"\ud83c\udf3f\">Scopul taberei la Soveja a fost s\u0103 promov\u0103m ecoturismul \u0219i contribu\u021bia activ\u0103 a acestuia la conservarea patrimoniului natural.<\/p>\n\n\n\n<p>Alte activit\u0103\u021bi de care s-au bucurat copii au fost:<\/p>\n\n\n\n<p><img loading=\"lazy\" decoding=\"async\" width=\"12\" height=\"12\" src=\"\" alt=\"\ud83c\udfe2\">Vizit\u0103 la Mausoleul \u0219i Muzeul din Soveja.<\/p>\n\n\n\n<p><img loading=\"lazy\" decoding=\"async\" width=\"12\" height=\"12\" src=\"\" alt=\"\u26f3\">Jocuri \u0219i picnic \u00een Poiana Punga din Soveja.<\/p>\n\n\n\n<p><img loading=\"lazy\" decoding=\"async\" width=\"12\" height=\"12\" src=\"\" alt=\"\ud83d\udfe2\">Promovarea ecoturismului \u0219i protejarea ariilor protejate este o prioritate pentru proiectele de mediu ce au ca scop constientizarea si organizarea de campanii \u00een acest scop.<\/p>\n\n\n\n<p>&#8211;&#8211;&#8211;&#8211;&#8211;&#8211;&#8211;&#8211;&#8211;&#8211;&#8211;&#8211;&#8211;&#8211;&#8211;&#8211;&#8211;&#8211;&#8211;&#8211;&#8211;&#8211;&#8211;&#8211;&#8211;<\/p>\n\n\n\n<p>Proiectul &#8222;Organizarea \u0219i derularea campaniilor de con\u0219tientizare a publicului privind protec\u021bia mediului \u00een parteneriat cu UAT Comuna \u0218endreni&#8221; este finan\u021bat prin <a href=\"https:\/\/www.facebook.com\/profile.php?id=100064892042624&amp;__cft__%5b0%5d=AZVOtSsWPB7S8YJD3LFKHrzgl0r1z3-6KLVI_o1VXnodhQ54LNWhhgj-32ZsV3V0RpFQnOr83yO98aCtL8c0a5tcbCtPZh0L2O3rxcteB-RRihagmqLEE8Sr1TXPs3v_N4b0v3ccONGxwqEhcLvoTZj3bg5r0Lbx2WD_SCY0GSLxyW0IqrEU2SelnL1kkKZaQ7vAnkeNC4BRCISVzN50mfYG&amp;__tn__=-%5dK-R\"><strong>Administratia Fondului pentru Mediu<\/strong><\/a>, cod proiect: 484\/H\/15.05.2024<\/p>\n\n\n\n<p><a href=\"https:\/\/www.facebook.com\/hashtag\/gal?__eep__=6&amp;__cft__%5b0%5d=AZVOtSsWPB7S8YJD3LFKHrzgl0r1z3-6KLVI_o1VXnodhQ54LNWhhgj-32ZsV3V0RpFQnOr83yO98aCtL8c0a5tcbCtPZh0L2O3rxcteB-RRihagmqLEE8Sr1TXPs3v_N4b0v3ccONGxwqEhcLvoTZj3bg5r0Lbx2WD_SCY0GSLxyW0IqrEU2SelnL1kkKZaQ7vAnkeNC4BRCISVzN50mfYG&amp;__tn__=*NK-R\"><strong>#GAL<\/strong><\/a> <a href=\"https:\/\/www.facebook.com\/hashtag\/ljs?__eep__=6&amp;__cft__%5b0%5d=AZVOtSsWPB7S8YJD3LFKHrzgl0r1z3-6KLVI_o1VXnodhQ54LNWhhgj-32ZsV3V0RpFQnOr83yO98aCtL8c0a5tcbCtPZh0L2O3rxcteB-RRihagmqLEE8Sr1TXPs3v_N4b0v3ccONGxwqEhcLvoTZj3bg5r0Lbx2WD_SCY0GSLxyW0IqrEU2SelnL1kkKZaQ7vAnkeNC4BRCISVzN50mfYG&amp;__tn__=*NK-R\"><strong>#LJS<\/strong><\/a> <a href=\"https:\/\/www.facebook.com\/hashtag\/ariiprotejate?__eep__=6&amp;__cft__%5b0%5d=AZVOtSsWPB7S8YJD3LFKHrzgl0r1z3-6KLVI_o1VXnodhQ54LNWhhgj-32ZsV3V0RpFQnOr83yO98aCtL8c0a5tcbCtPZh0L2O3rxcteB-RRihagmqLEE8Sr1TXPs3v_N4b0v3ccONGxwqEhcLvoTZj3bg5r0Lbx2WD_SCY0GSLxyW0IqrEU2SelnL1kkKZaQ7vAnkeNC4BRCISVzN50mfYG&amp;__tn__=*NK-R\"><strong>#AriiProtejate<\/strong><\/a> <a href=\"https:\/\/www.facebook.com\/hashtag\/natura?__eep__=6&amp;__cft__%5b0%5d=AZVOtSsWPB7S8YJD3LFKHrzgl0r1z3-6KLVI_o1VXnodhQ54LNWhhgj-32ZsV3V0RpFQnOr83yO98aCtL8c0a5tcbCtPZh0L2O3rxcteB-RRihagmqLEE8Sr1TXPs3v_N4b0v3ccONGxwqEhcLvoTZj3bg5r0Lbx2WD_SCY0GSLxyW0IqrEU2SelnL1kkKZaQ7vAnkeNC4BRCISVzN50mfYG&amp;__tn__=*NK-R\"><strong>#Natura<\/strong><\/a> <a href=\"https:\/\/www.facebook.com\/hashtag\/soveja?__eep__=6&amp;__cft__%5b0%5d=AZVOtSsWPB7S8YJD3LFKHrzgl0r1z3-6KLVI_o1VXnodhQ54LNWhhgj-32ZsV3V0RpFQnOr83yO98aCtL8c0a5tcbCtPZh0L2O3rxcteB-RRihagmqLEE8Sr1TXPs3v_N4b0v3ccONGxwqEhcLvoTZj3bg5r0Lbx2WD_SCY0GSLxyW0IqrEU2SelnL1kkKZaQ7vAnkeNC4BRCISVzN50mfYG&amp;__tn__=*NK-R\"><strong>#Soveja<\/strong><\/a> <a href=\"https:\/\/www.facebook.com\/hashtag\/tabara?__eep__=6&amp;__cft__%5b0%5d=AZVOtSsWPB7S8YJD3LFKHrzgl0r1z3-6KLVI_o1VXnodhQ54LNWhhgj-32ZsV3V0RpFQnOr83yO98aCtL8c0a5tcbCtPZh0L2O3rxcteB-RRihagmqLEE8Sr1TXPs3v_N4b0v3ccONGxwqEhcLvoTZj3bg5r0Lbx2WD_SCY0GSLxyW0IqrEU2SelnL1kkKZaQ7vAnkeNC4BRCISVzN50mfYG&amp;__tn__=*NK-R\"><strong>#Tabara<\/strong><\/a><\/p>\n\n\n\n<p>Pentru a asigura desf\u0103\u0219urarea eficient\u0103 a acestei activit\u0103\u021bi, echipa de proiect a \u00eentreprins o serie de activit\u0103\u021bi logistice esen\u021biale:<\/p>\n\n\n\n<ol start=\"1\" class=\"wp-block-list\">\n<li><strong>Organizarea transportului<\/strong>: A fost organizat impreuna cu furnizorul de servicii de organizare evenimente transportul de la Independen\u021ba la Soveja, asigur\u00e2ndu-se c\u0103 to\u021bi participan\u021bii vor ajunge \u00een siguran\u021b\u0103 \u0219i la timp la destina\u021bie. Aceasta a implicat coordonarea cu furnizorii de servicii de transport \u0219i stabilirea unor orare clare de plecare \u0219i sosire.<\/li>\n\n\n\n<li><strong>Planificarea activit\u0103\u021bilor<\/strong>: S-a elaborat un plan detaliat al activit\u0103\u021bilor pentru \u00eentreaga zi, inclusiv o agend\u0103 \u0219i un program bine structurat. Acest plan a inclus at\u00e2t vizitele la obiectivele turistice din Soveja, c\u00e2t \u0219i jocuri educative \u0219i sesiuni de promovare a protec\u021biei mediului. Fiecare activitate a fost g\u00e2ndit\u0103 pentru a fi interactiv\u0103 \u0219i captivant\u0103, contribuind la educa\u021bia ecologic\u0103 a copiilor.<\/li>\n\n\n\n<li><strong>Asigurarea serviciilor de mas\u0103<\/strong>: Managerul proiectului a verificat \u0219i confirmat c\u0103 toate detaliile legate de serviciile de mas\u0103 sunt puse la punct, astfel \u00eenc\u00e2t participan\u021bii s\u0103 beneficieze de alimenta\u021bie adecvat\u0103 \u0219i s\u0103n\u0103toas\u0103 pe parcursul zilei. Acest aspect a fost important pentru men\u021binerea energiei \u0219i a bun\u0103st\u0103rii copiilor \u00een timpul excursiei.<\/li>\n\n\n\n<li><strong>Coordonarea cu \u0219colile partenere<\/strong>: Managerul s-a asigurat c\u0103 exista un \u00eendrum\u0103tor din partea fiec\u0103rui grup de elevi din Independen\u021ba. Pentru aceasta, au avut loc mai multe convorbiri telefonice, prin care s-au clarificat detaliile legate de participan\u021bi, astfel \u00eenc\u00e2t totul s\u0103 fie \u00een ordine \u0219i organizat.<\/li>\n\n\n\n<li><strong>Activit\u0103\u021bi educative \u0219i sesiuni de promovare<\/strong>: Pe l\u00e2ng\u0103 vizitele la obiectivele turistice, s-au organizat \u0219i jocuri educative, dar \u0219i sesiuni de discu\u021bii cu copiii, viz\u00e2nd protec\u021bia mediului \u00eenconjur\u0103tor. Aceste sesiuni au avut rolul de a-i \u00eenv\u0103\u021ba pe copii cum pot proteja natura, \u00eencuraj\u00e2ndu-i s\u0103 \u00ee\u0219i exprime ideile \u0219i s\u0103 participe activ la discu\u021bii despre solu\u021bii de conservare a mediului. Am realizat \u0219i chestionare de feedeback \u00een urma acestor sesiuni.<\/li>\n<\/ol>\n\n\n\n<p>Rezultate:<\/p>\n\n\n\n<p>&#8211; 25 de copiii implica\u021bi \u00een activit\u0103\u021bi<\/p>\n\n\n\n<p>&#8211; 25 de diplome oferite copiilor<\/p>\n\n\n\n<p>&#8211; 25 de kit-uri distribuite<\/p>\n\n\n\n<p>&#8211; 1 \u0219coala implicat\u0103 \u00een activitate<\/p>\n\n\n\n<p>&#8211; 1 prezentare problema de mediu &#8211; <strong>\u201eProtec\u021bia ariilor naturale protejate\u201d<\/strong><\/p>\n\n\n\n<p><strong>Impactul activit\u0103\u021bii \u201eProtec\u021bia ariilor naturale protejate\u201d<\/strong><\/p>\n\n\n\n<p>Activitatea desf\u0103\u0219urat\u0103 pe 19 octombrie 2024, care a inclus o excursie educativ\u0103 la Soveja, a avut un impact semnificativ asupra participan\u021bilor \u0219i comunit\u0103\u021bii, promov\u00e2nd importan\u021ba conserv\u0103rii ariilor naturale protejate.<\/p>\n\n\n\n<p><strong>Impact asupra participan\u021bilor:<\/strong><\/p>\n\n\n\n<ol start=\"1\" class=\"wp-block-list\">\n<li><strong>Cre\u0219terea cuno\u0219tin\u021belor despre biodiversitate:<\/strong>\n<ul class=\"wp-block-list\">\n<li>Copiii au \u00eenv\u0103\u021bat despre flora \u0219i fauna specific\u0103 rezerva\u021biei naturale de la Soveja, precum \u0219i despre rolul acestor ecosisteme \u00een men\u021binerea echilibrului ecologic.<\/li>\n\n\n\n<li>Au \u00een\u021beles importan\u021ba protej\u0103rii ariilor naturale ca parte a patrimoniului natural al Rom\u00e2niei.<\/li>\n<\/ul>\n<\/li>\n\n\n\n<li><strong>Con\u0219tientizarea necesit\u0103\u021bii de a proteja mediul:<\/strong>\n<ul class=\"wp-block-list\">\n<li>Participan\u021bii au fost sensibiliza\u021bi cu privire la impactul negativ al activit\u0103\u021bilor umane asupra ariilor protejate \u0219i la m\u0103surile care pot fi luate pentru a preveni degradarea acestora.<\/li>\n\n\n\n<li>Activitatea a inclus discu\u021bii interactive despre legile \u0219i reglement\u0103rile care protejeaz\u0103 aceste zone.<\/li>\n<\/ul>\n<\/li>\n\n\n\n<li><strong>Dezvoltarea abilit\u0103\u021bilor practice:<\/strong>\n<ul class=\"wp-block-list\">\n<li>Copiii au participat la activit\u0103\u021bi educative \u0219i jocuri tematice care au consolidat \u00een\u021belegerea no\u021biunilor discutate.<\/li>\n\n\n\n<li>Excursia a oferit oportunit\u0103\u021bi de \u00eenv\u0103\u021bare prin experien\u021b\u0103, prin observarea direct\u0103 a mediului natural.<\/li>\n<\/ul>\n<\/li>\n<\/ol>\n\n\n\n<p><strong>Impact asupra comunit\u0103\u021bii:<\/strong><\/p>\n\n\n\n<ol start=\"1\" class=\"wp-block-list\">\n<li><strong>Promovarea valorilor ecologice:<\/strong>\n<ul class=\"wp-block-list\">\n<li>Participan\u021bii au devenit ambasadori ai conserv\u0103rii mediului, \u00eemp\u0103rt\u0103\u0219ind informa\u021biile \u00eenv\u0103\u021bate cu familiile \u0219i colegii lor.<\/li>\n\n\n\n<li>Activitatea a contribuit la o mai bun\u0103 \u00een\u021belegere a importan\u021bei ariilor naturale protejate \u00een comunitate.<\/li>\n<\/ul>\n<\/li>\n\n\n\n<li><strong>Stimularea interesului pentru ecoturism:<\/strong>\n<ul class=\"wp-block-list\">\n<li>Excursia la Soveja a eviden\u021biat poten\u021bialul ecoturistic al ariilor protejate, \u00eencuraj\u00e2nd explorarea responsabil\u0103 a acestor locuri.<\/li>\n\n\n\n<li>Activitatea a fost un exemplu de cum turismul poate fi folosit ca instrument de educa\u021bie ecologic\u0103.<\/li>\n<\/ul>\n<\/li>\n\n\n\n<li><strong>\u00cencurajarea implic\u0103rii locale:<\/strong>\n<ul class=\"wp-block-list\">\n<li>Ini\u021biativa a consolidat rela\u021biile dintre organizatori, participan\u021bi \u0219i comunitatea local\u0103, promov\u00e2nd colaborarea pentru protejarea mediului.<\/li>\n<\/ul>\n<\/li>\n<\/ol>\n\n\n\n<p class=\"has-text-align-center\"><strong><em>Fotografiile au fost realizate profesional de c\u0103tre societatea LORDALEXA SRL.<\/em><\/strong><\/p>\n\n\n\n<p><strong><em>Galerie foto: <\/em><\/strong><\/p>\n\n\n\n<figure class=\"wp-block-gallery has-nested-images columns-default is-cropped wp-block-gallery-1 is-layout-flex wp-block-gallery-is-layout-flex\">\n<figure class=\"wp-block-image size-large\"><img loading=\"lazy\" decoding=\"async\" width=\"1024\" height=\"685\" data-id=\"463\" src=\"https:\/\/sendreniverde.ro\/wp-content\/uploads\/2025\/01\/Picture1-1-1024x685.jpg\" alt=\"\" class=\"wp-image-463\" srcset=\"https:\/\/sendreniverde.ro\/wp-content\/uploads\/2025\/01\/Picture1-1-1024x685.jpg 1024w, https:\/\/sendreniverde.ro\/wp-content\/uploads\/2025\/01\/Picture1-1-300x201.jpg 300w, https:\/\/sendreniverde.ro\/wp-content\/uploads\/2025\/01\/Picture1-1-768x513.jpg 768w, https:\/\/sendreniverde.ro\/wp-content\/uploads\/2025\/01\/Picture1-1.jpg 1430w\" sizes=\"(max-width: 1024px) 100vw, 1024px\" \/><\/figure>\n\n\n\n<figure class=\"wp-block-image size-large\"><img loading=\"lazy\" decoding=\"async\" width=\"1024\" height=\"685\" data-id=\"461\" src=\"https:\/\/sendreniverde.ro\/wp-content\/uploads\/2025\/01\/Picture2-3-1024x685.jpg\" alt=\"\" class=\"wp-image-461\" srcset=\"https:\/\/sendreniverde.ro\/wp-content\/uploads\/2025\/01\/Picture2-3-1024x685.jpg 1024w, https:\/\/sendreniverde.ro\/wp-content\/uploads\/2025\/01\/Picture2-3-300x201.jpg 300w, https:\/\/sendreniverde.ro\/wp-content\/uploads\/2025\/01\/Picture2-3-768x513.jpg 768w, https:\/\/sendreniverde.ro\/wp-content\/uploads\/2025\/01\/Picture2-3.jpg 1430w\" sizes=\"(max-width: 1024px) 100vw, 1024px\" \/><\/figure>\n\n\n\n<figure class=\"wp-block-image size-large\"><img loading=\"lazy\" decoding=\"async\" width=\"1024\" height=\"685\" data-id=\"460\" src=\"https:\/\/sendreniverde.ro\/wp-content\/uploads\/2025\/01\/Picture3-3-1024x685.jpg\" alt=\"\" class=\"wp-image-460\" srcset=\"https:\/\/sendreniverde.ro\/wp-content\/uploads\/2025\/01\/Picture3-3-1024x685.jpg 1024w, https:\/\/sendreniverde.ro\/wp-content\/uploads\/2025\/01\/Picture3-3-300x201.jpg 300w, https:\/\/sendreniverde.ro\/wp-content\/uploads\/2025\/01\/Picture3-3-768x513.jpg 768w, https:\/\/sendreniverde.ro\/wp-content\/uploads\/2025\/01\/Picture3-3.jpg 1430w\" sizes=\"(max-width: 1024px) 100vw, 1024px\" \/><\/figure>\n\n\n\n<figure class=\"wp-block-image size-large\"><img loading=\"lazy\" decoding=\"async\" width=\"1024\" height=\"772\" data-id=\"465\" src=\"https:\/\/sendreniverde.ro\/wp-content\/uploads\/2025\/01\/Picture4-3-1024x772.jpg\" alt=\"\" class=\"wp-image-465\" srcset=\"https:\/\/sendreniverde.ro\/wp-content\/uploads\/2025\/01\/Picture4-3-1024x772.jpg 1024w, https:\/\/sendreniverde.ro\/wp-content\/uploads\/2025\/01\/Picture4-3-300x226.jpg 300w, https:\/\/sendreniverde.ro\/wp-content\/uploads\/2025\/01\/Picture4-3-768x579.jpg 768w, https:\/\/sendreniverde.ro\/wp-content\/uploads\/2025\/01\/Picture4-3.jpg 1430w\" sizes=\"(max-width: 1024px) 100vw, 1024px\" \/><\/figure>\n\n\n\n<figure class=\"wp-block-image size-large\"><img loading=\"lazy\" decoding=\"async\" width=\"936\" height=\"702\" data-id=\"462\" src=\"https:\/\/sendreniverde.ro\/wp-content\/uploads\/2025\/01\/Picture5-3.jpg\" alt=\"\" class=\"wp-image-462\" srcset=\"https:\/\/sendreniverde.ro\/wp-content\/uploads\/2025\/01\/Picture5-3.jpg 936w, https:\/\/sendreniverde.ro\/wp-content\/uploads\/2025\/01\/Picture5-3-300x225.jpg 300w, https:\/\/sendreniverde.ro\/wp-content\/uploads\/2025\/01\/Picture5-3-768x576.jpg 768w\" sizes=\"(max-width: 936px) 100vw, 936px\" \/><\/figure>\n\n\n\n<figure class=\"wp-block-image size-large\"><img loading=\"lazy\" decoding=\"async\" width=\"936\" height=\"702\" data-id=\"468\" src=\"https:\/\/sendreniverde.ro\/wp-content\/uploads\/2025\/01\/Picture6-3.jpg\" alt=\"\" class=\"wp-image-468\" srcset=\"https:\/\/sendreniverde.ro\/wp-content\/uploads\/2025\/01\/Picture6-3.jpg 936w, https:\/\/sendreniverde.ro\/wp-content\/uploads\/2025\/01\/Picture6-3-300x225.jpg 300w, https:\/\/sendreniverde.ro\/wp-content\/uploads\/2025\/01\/Picture6-3-768x576.jpg 768w\" sizes=\"(max-width: 936px) 100vw, 936px\" \/><\/figure>\n\n\n\n<figure class=\"wp-block-image size-large\"><img loading=\"lazy\" decoding=\"async\" width=\"1024\" height=\"772\" data-id=\"464\" src=\"https:\/\/sendreniverde.ro\/wp-content\/uploads\/2025\/01\/Picture7-3-1024x772.jpg\" alt=\"\" class=\"wp-image-464\" srcset=\"https:\/\/sendreniverde.ro\/wp-content\/uploads\/2025\/01\/Picture7-3-1024x772.jpg 1024w, https:\/\/sendreniverde.ro\/wp-content\/uploads\/2025\/01\/Picture7-3-300x226.jpg 300w, https:\/\/sendreniverde.ro\/wp-content\/uploads\/2025\/01\/Picture7-3-768x579.jpg 768w, https:\/\/sendreniverde.ro\/wp-content\/uploads\/2025\/01\/Picture7-3.jpg 1430w\" sizes=\"(max-width: 1024px) 100vw, 1024px\" \/><\/figure>\n\n\n\n<figure class=\"wp-block-image size-large\"><img loading=\"lazy\" decoding=\"async\" width=\"1024\" height=\"685\" data-id=\"467\" src=\"https:\/\/sendreniverde.ro\/wp-content\/uploads\/2025\/01\/Picture8-2-1024x685.jpg\" alt=\"\" class=\"wp-image-467\" srcset=\"https:\/\/sendreniverde.ro\/wp-content\/uploads\/2025\/01\/Picture8-2-1024x685.jpg 1024w, https:\/\/sendreniverde.ro\/wp-content\/uploads\/2025\/01\/Picture8-2-300x201.jpg 300w, https:\/\/sendreniverde.ro\/wp-content\/uploads\/2025\/01\/Picture8-2-768x513.jpg 768w, https:\/\/sendreniverde.ro\/wp-content\/uploads\/2025\/01\/Picture8-2.jpg 1430w\" sizes=\"(max-width: 1024px) 100vw, 1024px\" \/><\/figure>\n\n\n\n<figure class=\"wp-block-image size-large\"><img loading=\"lazy\" decoding=\"async\" width=\"1024\" height=\"685\" data-id=\"466\" src=\"https:\/\/sendreniverde.ro\/wp-content\/uploads\/2025\/01\/Picture9-1024x685.jpg\" alt=\"\" class=\"wp-image-466\" srcset=\"https:\/\/sendreniverde.ro\/wp-content\/uploads\/2025\/01\/Picture9-1024x685.jpg 1024w, https:\/\/sendreniverde.ro\/wp-content\/uploads\/2025\/01\/Picture9-300x201.jpg 300w, https:\/\/sendreniverde.ro\/wp-content\/uploads\/2025\/01\/Picture9-768x513.jpg 768w, https:\/\/sendreniverde.ro\/wp-content\/uploads\/2025\/01\/Picture9.jpg 1430w\" sizes=\"(max-width: 1024px) 100vw, 1024px\" \/><\/figure>\n<\/figure>\n","protected":false},"excerpt":{"rendered":"<p>Tema 7- Pe data de 19.10.2024, a avut loc o activitate dedicat\u0103 temei \u201eProtec\u021bia ariilor naturale protejate\u201d, care a inclus organizarea unei excursii \u00eentr-o loca\u021bie selectat\u0103 din Lista rezerva\u021biilor naturale din Rom\u00e2nia, mai precis la Soveja. Aceast\u0103 ini\u021biativ\u0103 a implicat participarea a 25 de copii, av\u00e2nd ca scop educarea tinerilor cu privire la importan\u021ba conserv\u0103rii [&hellip;]<\/p>\n","protected":false},"author":1,"featured_media":0,"parent":0,"menu_order":0,"comment_status":"closed","ping_status":"closed","template":"","meta":{"footnotes":""},"class_list":["post-459","page","type-page","status-publish","hentry"],"_links":{"self":[{"href":"https:\/\/sendreniverde.ro\/index.php\/wp-json\/wp\/v2\/pages\/459","targetHints":{"allow":["GET"]}}],"collection":[{"href":"https:\/\/sendreniverde.ro\/index.php\/wp-json\/wp\/v2\/pages"}],"about":[{"href":"https:\/\/sendreniverde.ro\/index.php\/wp-json\/wp\/v2\/types\/page"}],"author":[{"embeddable":true,"href":"https:\/\/sendreniverde.ro\/index.php\/wp-json\/wp\/v2\/users\/1"}],"replies":[{"embeddable":true,"href":"https:\/\/sendreniverde.ro\/index.php\/wp-json\/wp\/v2\/comments?post=459"}],"version-history":[{"count":2,"href":"https:\/\/sendreniverde.ro\/index.php\/wp-json\/wp\/v2\/pages\/459\/revisions"}],"predecessor-version":[{"id":572,"href":"https:\/\/sendreniverde.ro\/index.php\/wp-json\/wp\/v2\/pages\/459\/revisions\/572"}],"wp:attachment":[{"href":"https:\/\/sendreniverde.ro\/index.php\/wp-json\/wp\/v2\/media?parent=459"}],"curies":[{"name":"wp","href":"https:\/\/api.w.org\/{rel}","templated":true}]}}